{"id":35,"date":"2019-10-16T07:54:48","date_gmt":"2019-10-16T06:54:48","guid":{"rendered":"https:\/\/chorybbsitz.at\/?page_id=35"},"modified":"2026-02-26T11:05:03","modified_gmt":"2026-02-26T10:05:03","slug":"ueber-mich","status":"publish","type":"page","link":"https:\/\/chorybbsitz.at\/index.php\/ueber-mich\/","title":{"rendered":"\u00dcber uns"},"content":{"rendered":"<p>Seit dem Jahre 1864 ist der Chor, der sich in den 1920er Jahren aus einem einstigen M\u00e4nnerquartett zu einem gemischten Chor entwicklete, durchgehend aktiv.<\/p>\n\n\n<p><strong>Die Vorlieben sind vielseitig:<\/strong><br>Das weite Repertoire erstreckt sich von klassischer Musik bis zur Popmusik. <br>Durch unseren <strong>Chorleiter Micha Sengschmid<\/strong> wird das breite Spektrum durch alte und neue Lieder aus allen Erdteilen erweitert.<\/p>\n\n\n\n<div class=\"wp-block-columns is-layout-flex wp-container-core-columns-is-layout-9d6595d7 wp-block-columns-is-layout-flex\">\n<div class=\"wp-block-column is-layout-flow wp-block-column-is-layout-flow\">\n<figure class=\"wp-block-image size-large is-resized\"><img loading=\"lazy\" decoding=\"async\" width=\"681\" height=\"1024\" src=\"https:\/\/chorybbsitz.at\/wp-content\/uploads\/2022\/07\/TM0_1650-681x1024.jpg\" alt=\"\" class=\"wp-image-329\" style=\"width:472px;height:auto\" srcset=\"https:\/\/chorybbsitz.at\/wp-content\/uploads\/2022\/07\/TM0_1650-681x1024.jpg 681w, https:\/\/chorybbsitz.at\/wp-content\/uploads\/2022\/07\/TM0_1650-200x300.jpg 200w, https:\/\/chorybbsitz.at\/wp-content\/uploads\/2022\/07\/TM0_1650-768x1154.jpg 768w, https:\/\/chorybbsitz.at\/wp-content\/uploads\/2022\/07\/TM0_1650-1022x1536.jpg 1022w, https:\/\/chorybbsitz.at\/wp-content\/uploads\/2022\/07\/TM0_1650-1363x2048.jpg 1363w, https:\/\/chorybbsitz.at\/wp-content\/uploads\/2022\/07\/TM0_1650-scaled.jpg 1703w\" sizes=\"auto, (max-width: 681px) 100vw, 681px\" \/><\/figure>\n<\/div>\n<\/div>\n\n\n\n<p>Wir veranstalten regelm\u00e4\u00dfig <strong>Sommer- und Herbstkonzerte, Adventkonzerte oder Messen<\/strong> und gestalten gesanglich diverse Veranstaltungen (u.a. im Rahmen der Klangschmiede) der Gemeinde Ybbsitz. <br><br>Wir k\u00fcmmern uns auch um unseren Nachwuchs: Um die Tradition des gemeinsamen Singens aufrecht zu erhalten, veranstalten wir jedes Jahr ein <strong>Familiensingen<\/strong>. Dabei sind S\u00e4nger:innen aus (wirklich) allen Altersgruppen willkommen.<\/p>\n\n\n\n<p>Derzeit singen regelm\u00e4\u00dfig 59 S\u00e4nger, 46 Damen und 13 Herren jeden zweiten Montag im Probenlokal des Gasthauses \u201eZum Goldenen Hirschen\u201c.<\/p>\n\n\n\n<p>Unser Obmann ist seit 2021 <strong>Hubert Ecker<\/strong>.<\/p>\n\n\n\n<figure class=\"wp-block-image size-large\"><img loading=\"lazy\" decoding=\"async\" width=\"1024\" height=\"683\" src=\"https:\/\/chorybbsitz.at\/wp-content\/uploads\/2025\/04\/YbbsitzChor_10x15-81711-1024x683.jpg\" alt=\"\" class=\"wp-image-775\" srcset=\"https:\/\/chorybbsitz.at\/wp-content\/uploads\/2025\/04\/YbbsitzChor_10x15-81711-1024x683.jpg 1024w, https:\/\/chorybbsitz.at\/wp-content\/uploads\/2025\/04\/YbbsitzChor_10x15-81711-300x200.jpg 300w, https:\/\/chorybbsitz.at\/wp-content\/uploads\/2025\/04\/YbbsitzChor_10x15-81711-768x512.jpg 768w, https:\/\/chorybbsitz.at\/wp-content\/uploads\/2025\/04\/YbbsitzChor_10x15-81711-1536x1025.jpg 1536w, https:\/\/chorybbsitz.at\/wp-content\/uploads\/2025\/04\/YbbsitzChor_10x15-81711.jpg 1772w\" sizes=\"auto, (max-width: 767px) 89vw, (max-width: 1000px) 54vw, (max-width: 1071px) 543px, 580px\" \/><\/figure>\n\n\n\n<p><br><strong>Unsere Highlights in den letzten Jahren waren:<\/strong><\/p>\n\n\n\n<p><strong>2025<\/strong>: Gemeinschaftsprojekt mit dem <strong>Musikverein Ybbsitz<\/strong> im Rahmen der <strong>Klangschmiede<\/strong>: Unter dem Titel &#8222;A Million Dreams&#8220; wurden Klassiker der Filmmusik pr\u00e4sentiert. Die beiden Vereine verschmolzen zu einem beeindruckenden Klangk\u00f6rper, der die Stocksch\u00fctzenhalle mit musikalischer Wucht f\u00fcllte.<\/p>\n\n\n\n<p><strong>2024<\/strong>: Jubil\u00e4umsjahr &#8211; Wir feiern unser 160-j\u00e4hriges Bestehen.<br>Teilnahme am Adventsingen der Volkskultur Nieder\u00f6sterreich im gro\u00dfen Auditorium von Grafenegg.<br>Jubil\u00e4umskonzert im Herbst gemeinsam mit <strong>zwo3wir<\/strong> und <strong>uni-sono<\/strong>.<\/p>\n\n\n\n<p><strong>2023<\/strong>: Weihnachtskonzert &#8222;Wachet auf!&#8220; gemeinsam mit dem Tullner &#8222;A CAPELLA CHOR&#8220;.<\/p>\n\n\n\n<p><strong>2021\/2022:<\/strong> Im Rahmen von &#8222;vielstimmig on tour&#8220; wurde auch unser Chor auf die B\u00fchne gebeten.<\/p>\n\n\n\n<p><strong>2020<\/strong>: &#8222;Klangschmiede Spezial &#8211; Bach &amp; Bass&#8220;: <br>An der Seite von G\u00fcnther Groissb\u00f6ck durften wir Chor\u00e4le von Bach zum Besten geben.<\/p>\n\n\n\n<p><strong>2019:\u00a0<\/strong>Relaunch; Aus dem \u201eGesangverein Ybbsitz\u201c wird der \u201e<strong>CHOR YBBSITZ<\/strong>\u201c.<\/p>\n\n\n\n<p><strong>2018:\u00a0<\/strong>\u201eZwischen Himmel und Erde\u201c: Gemeinschafts-Chorprojekt der drei Ybbsitzer Ch\u00f6re in der Halle von Duomet GmbH.<\/p>\n\n\n\n<p><strong>2016: <\/strong>Gestaltung der Messe anl\u00e4sslich einer \u00f6sterreichisch-texanischen Hochzeit in der Hofburg-Kapelle in Wien.<\/p>\n\n\n\n<p><\/p>\n","protected":false},"excerpt":{"rendered":"<p>Seit dem Jahre 1864 ist der Chor, der sich in den 1920er Jahren aus einem einstigen M\u00e4nnerquartett zu einem gemischten Chor entwicklete, durchgehend aktiv. Die Vorlieben sind vielseitig:Das weite Repertoire erstreckt sich von klassischer Musik bis zur Popmusik. Durch unseren Chorleiter Micha Sengschmid wird das breite Spektrum durch alte und neue Lieder aus allen Erdteilen &hellip; <\/p>\n<p class=\"link-more\"><a href=\"https:\/\/chorybbsitz.at\/index.php\/ueber-mich\/\" class=\"more-link\"><span class=\"screen-reader-text\">\u201e\u00dcber uns\u201c<\/span> weiterlesen<\/a><\/p>\n","protected":false},"author":1,"featured_media":0,"parent":0,"menu_order":80,"comment_status":"closed","ping_status":"closed","template":"","meta":{"footnotes":""},"class_list":["post-35","page","type-page","status-publish","hentry"],"yoast_head":"<!-- This site is optimized with the Yoast SEO plugin v25.8 - https:\/\/yoast.com\/wordpress\/plugins\/seo\/ -->\n<title>\u00dcber uns - Chor Ybbsitz<\/title>\n<meta name=\"robots\" content=\"index, follow, max-snippet:-1, max-image-preview:large, max-video-preview:-1\" \/>\n<link rel=\"canonical\" href=\"https:\/\/chorybbsitz.at\/index.php\/ueber-mich\/\" \/>\n<meta property=\"og:locale\" content=\"de_DE\" \/>\n<meta property=\"og:type\" content=\"article\" \/>\n<meta property=\"og:title\" content=\"\u00dcber uns - Chor Ybbsitz\" \/>\n<meta property=\"og:description\" content=\"Seit dem Jahre 1864 ist der Chor, der sich in den 1920er Jahren aus einem einstigen M\u00e4nnerquartett zu einem gemischten Chor entwicklete, durchgehend aktiv. Die Vorlieben sind vielseitig:Das weite Repertoire erstreckt sich von klassischer Musik bis zur Popmusik. Durch unseren Chorleiter Micha Sengschmid wird das breite Spektrum durch alte und neue Lieder aus allen Erdteilen &hellip; \u201e\u00dcber uns\u201c weiterlesen\" \/>\n<meta property=\"og:url\" content=\"https:\/\/chorybbsitz.at\/index.php\/ueber-mich\/\" \/>\n<meta property=\"og:site_name\" content=\"Chor Ybbsitz\" \/>\n<meta property=\"article:modified_time\" content=\"2026-02-26T10:05:03+00:00\" \/>\n<meta property=\"og:image\" content=\"https:\/\/chorybbsitz.at\/wp-content\/uploads\/2022\/07\/TM0_1650-681x1024.jpg\" \/>\n<meta name=\"twitter:card\" content=\"summary_large_image\" \/>\n<meta name=\"twitter:label1\" content=\"Gesch\u00e4tzte Lesezeit\" \/>\n\t<meta name=\"twitter:data1\" content=\"3\u00a0Minuten\" \/>\n<script type=\"application\/ld+json\" class=\"yoast-schema-graph\">{\"@context\":\"https:\/\/schema.org\",\"@graph\":[{\"@type\":\"WebPage\",\"@id\":\"https:\/\/chorybbsitz.at\/index.php\/ueber-mich\/\",\"url\":\"https:\/\/chorybbsitz.at\/index.php\/ueber-mich\/\",\"name\":\"\u00dcber uns - Chor Ybbsitz\",\"isPartOf\":{\"@id\":\"https:\/\/chorybbsitz.at\/#website\"},\"primaryImageOfPage\":{\"@id\":\"https:\/\/chorybbsitz.at\/index.php\/ueber-mich\/#primaryimage\"},\"image\":{\"@id\":\"https:\/\/chorybbsitz.at\/index.php\/ueber-mich\/#primaryimage\"},\"thumbnailUrl\":\"https:\/\/chorybbsitz.at\/wp-content\/uploads\/2022\/07\/TM0_1650-681x1024.jpg\",\"datePublished\":\"2019-10-16T06:54:48+00:00\",\"dateModified\":\"2026-02-26T10:05:03+00:00\",\"breadcrumb\":{\"@id\":\"https:\/\/chorybbsitz.at\/index.php\/ueber-mich\/#breadcrumb\"},\"inLanguage\":\"de\",\"potentialAction\":[{\"@type\":\"ReadAction\",\"target\":[\"https:\/\/chorybbsitz.at\/index.php\/ueber-mich\/\"]}]},{\"@type\":\"ImageObject\",\"inLanguage\":\"de\",\"@id\":\"https:\/\/chorybbsitz.at\/index.php\/ueber-mich\/#primaryimage\",\"url\":\"https:\/\/chorybbsitz.at\/wp-content\/uploads\/2022\/07\/TM0_1650-scaled.jpg\",\"contentUrl\":\"https:\/\/chorybbsitz.at\/wp-content\/uploads\/2022\/07\/TM0_1650-scaled.jpg\",\"width\":1703,\"height\":2560},{\"@type\":\"BreadcrumbList\",\"@id\":\"https:\/\/chorybbsitz.at\/index.php\/ueber-mich\/#breadcrumb\",\"itemListElement\":[{\"@type\":\"ListItem\",\"position\":1,\"name\":\"Home\",\"item\":\"https:\/\/chorybbsitz.at\/\"},{\"@type\":\"ListItem\",\"position\":2,\"name\":\"\u00dcber uns\"}]},{\"@type\":\"WebSite\",\"@id\":\"https:\/\/chorybbsitz.at\/#website\",\"url\":\"https:\/\/chorybbsitz.at\/\",\"name\":\"Chor Ybbsitz\",\"description\":\"\",\"publisher\":{\"@id\":\"https:\/\/chorybbsitz.at\/#organization\"},\"potentialAction\":[{\"@type\":\"SearchAction\",\"target\":{\"@type\":\"EntryPoint\",\"urlTemplate\":\"https:\/\/chorybbsitz.at\/?s={search_term_string}\"},\"query-input\":{\"@type\":\"PropertyValueSpecification\",\"valueRequired\":true,\"valueName\":\"search_term_string\"}}],\"inLanguage\":\"de\"},{\"@type\":\"Organization\",\"@id\":\"https:\/\/chorybbsitz.at\/#organization\",\"name\":\"Chor Ybbsitz\",\"url\":\"https:\/\/chorybbsitz.at\/\",\"logo\":{\"@type\":\"ImageObject\",\"inLanguage\":\"de\",\"@id\":\"https:\/\/chorybbsitz.at\/#\/schema\/logo\/image\/\",\"url\":\"https:\/\/chorybbsitz.at\/wp-content\/uploads\/2019\/10\/cropped-59876713_1263419207170179_3864078558909431808_o-1.jpg\",\"contentUrl\":\"https:\/\/chorybbsitz.at\/wp-content\/uploads\/2019\/10\/cropped-59876713_1263419207170179_3864078558909431808_o-1.jpg\",\"width\":250,\"height\":250,\"caption\":\"Chor Ybbsitz\"},\"image\":{\"@id\":\"https:\/\/chorybbsitz.at\/#\/schema\/logo\/image\/\"}}]}<\/script>\n<!-- \/ Yoast SEO plugin. -->","yoast_head_json":{"title":"\u00dcber uns - Chor Ybbsitz","robots":{"index":"index","follow":"follow","max-snippet":"max-snippet:-1","max-image-preview":"max-image-preview:large","max-video-preview":"max-video-preview:-1"},"canonical":"https:\/\/chorybbsitz.at\/index.php\/ueber-mich\/","og_locale":"de_DE","og_type":"article","og_title":"\u00dcber uns - Chor Ybbsitz","og_description":"Seit dem Jahre 1864 ist der Chor, der sich in den 1920er Jahren aus einem einstigen M\u00e4nnerquartett zu einem gemischten Chor entwicklete, durchgehend aktiv. Die Vorlieben sind vielseitig:Das weite Repertoire erstreckt sich von klassischer Musik bis zur Popmusik. Durch unseren Chorleiter Micha Sengschmid wird das breite Spektrum durch alte und neue Lieder aus allen Erdteilen &hellip; \u201e\u00dcber uns\u201c weiterlesen","og_url":"https:\/\/chorybbsitz.at\/index.php\/ueber-mich\/","og_site_name":"Chor Ybbsitz","article_modified_time":"2026-02-26T10:05:03+00:00","og_image":[{"url":"https:\/\/chorybbsitz.at\/wp-content\/uploads\/2022\/07\/TM0_1650-681x1024.jpg","type":"","width":"","height":""}],"twitter_card":"summary_large_image","twitter_misc":{"Gesch\u00e4tzte Lesezeit":"3\u00a0Minuten"},"schema":{"@context":"https:\/\/schema.org","@graph":[{"@type":"WebPage","@id":"https:\/\/chorybbsitz.at\/index.php\/ueber-mich\/","url":"https:\/\/chorybbsitz.at\/index.php\/ueber-mich\/","name":"\u00dcber uns - Chor Ybbsitz","isPartOf":{"@id":"https:\/\/chorybbsitz.at\/#website"},"primaryImageOfPage":{"@id":"https:\/\/chorybbsitz.at\/index.php\/ueber-mich\/#primaryimage"},"image":{"@id":"https:\/\/chorybbsitz.at\/index.php\/ueber-mich\/#primaryimage"},"thumbnailUrl":"https:\/\/chorybbsitz.at\/wp-content\/uploads\/2022\/07\/TM0_1650-681x1024.jpg","datePublished":"2019-10-16T06:54:48+00:00","dateModified":"2026-02-26T10:05:03+00:00","breadcrumb":{"@id":"https:\/\/chorybbsitz.at\/index.php\/ueber-mich\/#breadcrumb"},"inLanguage":"de","potentialAction":[{"@type":"ReadAction","target":["https:\/\/chorybbsitz.at\/index.php\/ueber-mich\/"]}]},{"@type":"ImageObject","inLanguage":"de","@id":"https:\/\/chorybbsitz.at\/index.php\/ueber-mich\/#primaryimage","url":"https:\/\/chorybbsitz.at\/wp-content\/uploads\/2022\/07\/TM0_1650-scaled.jpg","contentUrl":"https:\/\/chorybbsitz.at\/wp-content\/uploads\/2022\/07\/TM0_1650-scaled.jpg","width":1703,"height":2560},{"@type":"BreadcrumbList","@id":"https:\/\/chorybbsitz.at\/index.php\/ueber-mich\/#breadcrumb","itemListElement":[{"@type":"ListItem","position":1,"name":"Home","item":"https:\/\/chorybbsitz.at\/"},{"@type":"ListItem","position":2,"name":"\u00dcber uns"}]},{"@type":"WebSite","@id":"https:\/\/chorybbsitz.at\/#website","url":"https:\/\/chorybbsitz.at\/","name":"Chor Ybbsitz","description":"","publisher":{"@id":"https:\/\/chorybbsitz.at\/#organization"},"potentialAction":[{"@type":"SearchAction","target":{"@type":"EntryPoint","urlTemplate":"https:\/\/chorybbsitz.at\/?s={search_term_string}"},"query-input":{"@type":"PropertyValueSpecification","valueRequired":true,"valueName":"search_term_string"}}],"inLanguage":"de"},{"@type":"Organization","@id":"https:\/\/chorybbsitz.at\/#organization","name":"Chor Ybbsitz","url":"https:\/\/chorybbsitz.at\/","logo":{"@type":"ImageObject","inLanguage":"de","@id":"https:\/\/chorybbsitz.at\/#\/schema\/logo\/image\/","url":"https:\/\/chorybbsitz.at\/wp-content\/uploads\/2019\/10\/cropped-59876713_1263419207170179_3864078558909431808_o-1.jpg","contentUrl":"https:\/\/chorybbsitz.at\/wp-content\/uploads\/2019\/10\/cropped-59876713_1263419207170179_3864078558909431808_o-1.jpg","width":250,"height":250,"caption":"Chor Ybbsitz"},"image":{"@id":"https:\/\/chorybbsitz.at\/#\/schema\/logo\/image\/"}}]}},"_links":{"self":[{"href":"https:\/\/chorybbsitz.at\/index.php\/wp-json\/wp\/v2\/pages\/35","targetHints":{"allow":["GET"]}}],"collection":[{"href":"https:\/\/chorybbsitz.at\/index.php\/wp-json\/wp\/v2\/pages"}],"about":[{"href":"https:\/\/chorybbsitz.at\/index.php\/wp-json\/wp\/v2\/types\/page"}],"author":[{"embeddable":true,"href":"https:\/\/chorybbsitz.at\/index.php\/wp-json\/wp\/v2\/users\/1"}],"replies":[{"embeddable":true,"href":"https:\/\/chorybbsitz.at\/index.php\/wp-json\/wp\/v2\/comments?post=35"}],"version-history":[{"count":27,"href":"https:\/\/chorybbsitz.at\/index.php\/wp-json\/wp\/v2\/pages\/35\/revisions"}],"predecessor-version":[{"id":965,"href":"https:\/\/chorybbsitz.at\/index.php\/wp-json\/wp\/v2\/pages\/35\/revisions\/965"}],"wp:attachment":[{"href":"https:\/\/chorybbsitz.at\/index.php\/wp-json\/wp\/v2\/media?parent=35"}],"curies":[{"name":"wp","href":"https:\/\/api.w.org\/{rel}","templated":true}]}}